{"id":17026,"date":"2026-02-04T11:01:52","date_gmt":"2026-02-04T11:01:52","guid":{"rendered":"https:\/\/www.cosmed.fr\/?post_type=page_evenement&#038;p=17026"},"modified":"2026-04-24T09:33:43","modified_gmt":"2026-04-24T09:33:43","slug":"rencontre-cosmetopole-provence-cote-dazur","status":"publish","type":"page_evenement","link":"https:\/\/www.cosmed.fr\/en\/page_evenement\/rencontre-cosmetopole-provence-cote-dazur\/","title":{"rendered":"Rencontre Cosmetop\u00f4le Provence-C\u00f4te d&#8217;Azur : Portefeuille Mati\u00e8res premi\u00e8res &#8211; les coproduits"},"content":{"rendered":"<div class=\"container\">\n\n<div class=\"custom-block unfoldable-content\">\n\t<div class=\"container\">\n\n\t\t\n\t\t\t\t\t<div class=\"block-cta-content\">\n\t\t\t\t<div class=\"content-full\"><h2>En matin\u00e9e : v<span class=\"OYPEnA font-feature-liga-off font-feature-clig-off font-feature-calt-off text-decoration-none text-strikethrough-none\">isites d\u2019entreprise<\/span><\/h2>\n<p><strong>L&#8217;OCCITANE<\/strong> <strong>en PROVENCE<\/strong> est une marque internationale de cosm\u00e9tique qui qui valorise le savoir-faire proven\u00e7al, la qualit\u00e9 de ses ingr\u00e9dients naturels et un engagement responsable fort envers l\u2019environnement et les communaut\u00e9s locales.<\/p>\n<p><strong>SOPHIM<\/strong> est sp\u00e9cialis\u00e9e dans la fabrication d\u2019ingr\u00e9dients naturels \u00e0 destination de l\u2019Industrie cosm\u00e9tique, et leader dans la production de squalane d\u2019olive produit selon un mod\u00e8le d\u2019\u00e9conomie circulaire, upcycl\u00e9 \u00e0 partir de coproduits issus de l\u2019industrie alimentaire d\u2019huile d\u2019olive.<\/p>\n<h2>Cocktail d\u00e9jeunatoire<\/h2>\n<h2>Apr\u00e8s-midi : conf\u00e9rences et<span class=\"OYPEnA font-feature-liga-off font-feature-clig-off font-feature-calt-off text-decoration-none text-strikethrough-none\"> tables rondes<\/span><\/h2>\n<ul>\n<li><span class=\"a_GcMg font-feature-liga-off font-feature-clig-off font-feature-calt-off text-decoration-none text-strikethrough-none\">Mot d\u2019accueil<\/span><\/li>\n<\/ul>\n<p class=\"cvGsUA direction-ltr align-start para-style-body\"><span class=\"a_GcMg font-feature-liga-off font-feature-clig-off font-feature-calt-off text-decoration-none text-strikethrough-none\">Jean-Louis Matout<\/span><span class=\"a_GcMg font-feature-liga-off font-feature-clig-off font-feature-calt-off text-decoration-none text-strikethrough-none\">, Dirigeant d\u2019Aromax et Pilote du Cosmetop\u00f4le Provence C\u00f4te d\u2019Azur<\/span><\/p>\n<p class=\"cvGsUA direction-ltr align-start para-style-body\"><span class=\"a_GcMg font-feature-liga-off font-feature-clig-off font-feature-calt-off text-decoration-none text-strikethrough-none\">Jean-Charles Borghini<\/span><span class=\"a_GcMg font-feature-liga-off font-feature-clig-off font-feature-calt-off text-decoration-none text-strikethrough-none\">, Conseiller r\u00e9gional, R\u00e9gion Sud \u2013 Provence Alpes C\u00f4te d\u2019Azur<\/span><\/p>\n<p class=\"cvGsUA direction-ltr align-start para-style-body\">\n<ul>\n<li><span class=\"a_GcMg font-feature-liga-off font-feature-clig-off font-feature-calt-off text-decoration-none text-strikethrough-none\">Introduction aux enjeux de biodiversit\u00e9 et \u00e9tat des lieux des pressions sur les mati\u00e8res premi\u00e8res naturelles sur le territoire r\u00e9gional<\/span><\/li>\n<\/ul>\n<p class=\"cvGsUA direction-ltr align-start para-style-body\"><span class=\"a_GcMg font-feature-liga-off font-feature-clig-off font-feature-calt-off text-decoration-none text-strikethrough-none\">Nawale Benelhabib<\/span><span class=\"a_GcMg font-feature-liga-off font-feature-clig-off font-feature-calt-off text-decoration-none text-strikethrough-none\">, Charg\u00e9e de mission Labels &amp; Fili\u00e8res, Office fran\u00e7ais de la Biodiversit\u00e9<\/span><\/p>\n<p class=\"cvGsUA direction-ltr align-start para-style-body\"><span class=\"a_GcMg font-feature-liga-off font-feature-clig-off font-feature-calt-off text-decoration-none text-strikethrough-none\">Marjorie Ngeth<\/span><span class=\"a_GcMg font-feature-liga-off font-feature-clig-off font-feature-calt-off text-decoration-none text-strikethrough-none\">, Charg\u00e9e de mission Entreprises et Biodiversit\u00e9, Agence r\u00e9gionale Biodiversit\u00e9 Environnement<\/span><\/p>\n<p class=\"cvGsUA direction-ltr align-start para-style-body\"><span class=\"a_GcMg font-feature-liga-off font-feature-clig-off font-feature-calt-off text-decoration-none text-strikethrough-none\">Charlotte Gigout-Guillot<\/span><span class=\"a_GcMg font-feature-liga-off font-feature-clig-off font-feature-calt-off text-decoration-none text-strikethrough-none\">, en charge de la Biodiversit\u00e9, R\u00e9gion Sud<\/span><\/p>\n<p class=\"cvGsUA direction-ltr align-start para-style-body\"><span class=\"a_GcMg font-feature-liga-off font-feature-clig-off font-feature-calt-off text-decoration-none text-strikethrough-none\">Mathilde Guyader<\/span><span class=\"a_GcMg font-feature-liga-off font-feature-clig-off font-feature-calt-off text-decoration-none text-strikethrough-none\">, Responsable Environnement, Cosmed<\/span><\/p>\n<p class=\"cvGsUA direction-ltr align-start para-style-body\">\n<ul>\n<li><span class=\"a_GcMg font-feature-liga-off font-feature-clig-off font-feature-calt-off text-decoration-none text-strikethrough-none\">Table-ronde : Coproduits : opportunit\u00e9s de gisements et de fonctionnalit\u00e9s, cr\u00e9ation de fili\u00e8re<\/span><\/li>\n<\/ul>\n<p class=\"cvGsUA direction-ltr align-start para-style-body\"><span class=\"a_GcMg font-feature-liga-off font-feature-clig-off font-feature-calt-off text-decoration-none text-strikethrough-none\">Anim\u00e9e par <\/span><span class=\"a_GcMg font-feature-liga-off font-feature-clig-off font-feature-calt-off text-decoration-none text-strikethrough-none\">Sandrine Lopis-Presle<\/span><span class=\"a_GcMg font-feature-liga-off font-feature-clig-off font-feature-calt-off text-decoration-none text-strikethrough-none\">, Responsable Innovation, P\u00f4le Innov\u2019Alliance<\/span><\/p>\n<p class=\"cvGsUA direction-ltr align-start para-style-body\"><span class=\"a_GcMg font-feature-liga-off font-feature-clig-off font-feature-calt-off text-decoration-none text-strikethrough-none\">Philippe Piccerelle<\/span><span class=\"a_GcMg font-feature-liga-off font-feature-clig-off font-feature-calt-off text-decoration-none text-strikethrough-none\">, Professeur, Aix-Marseille Universit\u00e9<\/span><\/p>\n<p class=\"cvGsUA direction-ltr align-start para-style-body\"><span class=\"a_GcMg font-feature-liga-off font-feature-clig-off font-feature-calt-off text-decoration-none text-strikethrough-none\">St\u00e9phanie Gruselle<\/span><span class=\"a_GcMg font-feature-liga-off font-feature-clig-off font-feature-calt-off text-decoration-none text-strikethrough-none\">, Responsable des ventes France, Sophim<\/span><\/p>\n<p class=\"cvGsUA direction-ltr align-start para-style-body\">\n<ul>\n<li><span class=\"a_GcMg font-feature-liga-off font-feature-clig-off font-feature-calt-off text-decoration-none text-strikethrough-none\">Table-ronde : Pratiques agricoles, une diversit\u00e9 d\u2019approches au b\u00e9n\u00e9fice de la sant\u00e9 des sols<\/span><\/li>\n<\/ul>\n<p class=\"cvGsUA direction-ltr align-start para-style-body\"><span class=\"a_GcMg font-feature-liga-off font-feature-clig-off font-feature-calt-off text-decoration-none text-strikethrough-none\">Anim\u00e9e par <\/span><span class=\"a_GcMg font-feature-liga-off font-feature-clig-off font-feature-calt-off text-decoration-none text-strikethrough-none\">Mathilde Guyader<\/span><span class=\"a_GcMg font-feature-liga-off font-feature-clig-off font-feature-calt-off text-decoration-none text-strikethrough-none\">, Responsable environnement, Cosmed<\/span><\/p>\n<p class=\"cvGsUA direction-ltr align-start para-style-body\"><span class=\"a_GcMg font-feature-liga-off font-feature-clig-off font-feature-calt-off text-decoration-none text-strikethrough-none\">Adeline Druart,<\/span><span class=\"a_GcMg font-feature-liga-off font-feature-clig-off font-feature-calt-off text-decoration-none text-strikethrough-none\"> Dirigeante, SCEA des Limons<\/span><\/p>\n<p class=\"cvGsUA direction-ltr align-start para-style-body\"><span class=\"a_GcMg font-feature-liga-off font-feature-clig-off font-feature-calt-off text-decoration-none text-strikethrough-none\">Romain Pochet<\/span><span class=\"a_GcMg font-feature-liga-off font-feature-clig-off font-feature-calt-off text-decoration-none text-strikethrough-none\">, chef de projet Biodiversit\u00e9 et Ingr\u00e9dients durables, L\u2019Occitane en Provence<\/span><\/p>\n<p class=\"cvGsUA direction-ltr align-start para-style-body\">\n<ul>\n<li><span class=\"a_GcMg font-feature-liga-off font-feature-clig-off font-feature-calt-off text-decoration-none text-strikethrough-none\">Biodiversit\u00e9 et notation environnementale : t\u00e9moignage<\/span><\/li>\n<\/ul>\n<p class=\"cvGsUA direction-ltr align-start para-style-body\"><span class=\"a_GcMg font-feature-liga-off font-feature-clig-off font-feature-calt-off text-decoration-none text-strikethrough-none\">Aliz\u00e9 Boucher<\/span><span class=\"a_GcMg font-feature-liga-off font-feature-clig-off font-feature-calt-off text-decoration-none text-strikethrough-none\">, Ing\u00e9nieur Prospective &amp; Innovation, La Phoc\u00e9enne de Cosm\u00e9tique<\/span><\/p>\n<p class=\"cvGsUA direction-ltr align-start para-style-body\">\n<ul>\n<li><span class=\"a_GcMg font-feature-liga-off font-feature-clig-off font-feature-calt-off text-decoration-none text-strikethrough-none\">Partenariats et financements r\u00e9gionaux autour de la biodiversit\u00e9 et des mati\u00e8res<\/span><\/li>\n<\/ul>\n<p class=\"cvGsUA direction-ltr align-start para-style-body\"><span class=\"a_GcMg font-feature-liga-off font-feature-clig-off font-feature-calt-off text-decoration-none text-strikethrough-none\">Marjorie Ngeth<\/span><span class=\"a_GcMg font-feature-liga-off font-feature-clig-off font-feature-calt-off text-decoration-none text-strikethrough-none\">, Charg\u00e9e de mission Entreprises et Biodiversit\u00e9, Agence r\u00e9gionale Biodiversit\u00e9 Environnement<\/span><\/p>\n<p>&nbsp;<\/p>\n<h2>Cocktail de cl\u00f4ture<\/h2>\n<p><img loading=\"lazy\" decoding=\"async\" class=\"alignnone size-full wp-image-53412\" src=\"https:\/\/www.cosmed.fr\/app\/uploads\/2026\/03\/rencontre-2026-32.png\" alt=\"\" width=\"700\" height=\"1200\" srcset=\"https:\/\/www.cosmed.fr\/app\/uploads\/2026\/03\/rencontre-2026-32.png 700w, https:\/\/www.cosmed.fr\/app\/uploads\/2026\/03\/rencontre-2026-32-175x300.png 175w, https:\/\/www.cosmed.fr\/app\/uploads\/2026\/03\/rencontre-2026-32-597x1024.png 597w, https:\/\/www.cosmed.fr\/app\/uploads\/2026\/03\/rencontre-2026-32-600x1029.png 600w\" sizes=\"auto, (max-width: 700px) 100vw, 700px\" \/><\/p>\n<p>&nbsp;<\/p>\n<\/div>\n                <div class=\"cta-link\">\n                    <a class=\"cta-tell-me-more\" href=\"#\">More info<i class=\"fas fa-chevron-down\"><\/i><\/a>\n                    <a class=\"cta-tell-me-less\" href=\"#\">Hide<i class=\"fas fa-chevron-up\"><\/i><\/a>\n                <\/div>\n\t\t\t<\/div>\n\t\t\n\t<\/div>\n\n<\/div>\n<\/div>\n\n<div class=\"container\"><a class=\"anchor-for-menu\" name=\"subscribe-event\">Join<\/a>\n<div id=\"subscribe-event\" class=\"block-subscribe-event custom-block\">\n    <div class=\"container\">\n        <div class=\"row\">\n\n            <div class=\"col-12 col-md-8 subscribe-event-title\">\n                Pour participer \u00e0 la Rencontre du Cosmetop\u00f4le Provence-C\u00f4te d&#8217;Azur\n            <\/div>\n\n            <div class=\"col-12 col-md-4 subscribe-event-form\">\n                <a href=\"https:\/\/cosmed.komidoc.com\/form\/public\/cosmetopole\"><button class=\"btn btn-primary\" >Inscription<\/button>\n            <\/div>\n\n\n        <\/div>\n\n    <\/div>\n<\/div><\/div>\n\n<div class=\"container\"><div class=\"unfoldable-multi-content\">\n\t<div class=\"container\">\n\t\t        <div class=\"row\">\n        \t            <div class=\"col-12 col-md-12\">\n\t\t\t\t\t<a class=\"anchor-for-menu\" name=\"sponsoriser\">Sponsoriser<\/a>\n\t\t\t\t<div class=\"block-column\">\n\t\t\t\t\t\t\t\t\t\t\t<h2 class=\"block-title\">Sponsoriser<\/h2>\n\t\t\t\t\t\t\t\t\t\t\t\t\t\t\t<div class=\"block-cta-content\">\n\t\t\t\t\t\t<div class=\"content-full\">Si vous souhaitez augmenter la visibilit\u00e9 de votre entreprise aupr\u00e8s d&#8217;un public de professionnels de la fili\u00e8re cosm\u00e9tique, des solutions de sponsoring existent. Contactez Sophie Hericher : s.hericher@cosmed.fr<\/div>\n\t\t\t\t\t\t<div class=\"cta-link\">\n\t\t\t\t\t\t\t<a class=\"cta-tell-me-more\" href=\"#\">More info<i class=\"fas fa-chevron-down\"><\/i><\/a>\n                   \t\t\t<a class=\"cta-tell-me-less\" href=\"#\">Hide<i class=\"fas fa-chevron-up\"><\/i><\/a>\n\t\t\t\t\t\t<\/div>\n\t\t\t\t\t<\/div>\n\t\t\t\t\t\t\t\t\t<\/div>\n\t\t\t<\/div>\n\t\t\t        <\/div>\n\t\t\t<\/div>\n\n<\/div>\n<\/div>","protected":false},"featured_media":52095,"template":"","class_list":["post-17026","page_evenement","type-page_evenement","status-publish","has-post-thumbnail","hentry"],"acf":[],"yoast_head":"<!-- This site is optimized with the Yoast SEO plugin v27.1.1 - https:\/\/yoast.com\/product\/yoast-seo-wordpress\/ -->\n<title>Rencontre Cosmetop\u00f4le Provence-C\u00f4te d&#039;Azur : Portefeuille Mati\u00e8res premi\u00e8res - les coproduits - Cosmed<\/title>\n<meta name=\"description\" content=\"Vous \u00eates une entreprise cosm\u00e9tique de la r\u00e9gion SUD, participez \u00e0 la Rencontre du Cosmetop\u00f4le Provence-C\u00f4te d&#039;Azur le 21 mai 2026\" \/>\n<meta name=\"robots\" content=\"index, follow, max-snippet:-1, max-image-preview:large, max-video-preview:-1\" \/>\n<link rel=\"canonical\" href=\"https:\/\/www.cosmed.fr\/page_evenement\/rencontre-cosmetopole-provence-cote-dazur\/\" \/>\n<meta property=\"og:locale\" content=\"en_US\" \/>\n<meta property=\"og:type\" content=\"article\" \/>\n<meta property=\"og:title\" content=\"Rencontre Cosmetop\u00f4le Provence-C\u00f4te d&#039;Azur : Portefeuille Mati\u00e8res premi\u00e8res - les coproduits - Cosmed\" \/>\n<meta property=\"og:description\" content=\"Vous \u00eates une entreprise cosm\u00e9tique de la r\u00e9gion SUD, participez \u00e0 la Rencontre du Cosmetop\u00f4le Provence-C\u00f4te d&#039;Azur le 21 mai 2026\" \/>\n<meta property=\"og:url\" content=\"https:\/\/www.cosmed.fr\/page_evenement\/rencontre-cosmetopole-provence-cote-dazur\/\" \/>\n<meta property=\"og:site_name\" content=\"Cosmed\" \/>\n<meta property=\"article:modified_time\" content=\"2026-04-24T09:33:43+00:00\" \/>\n<meta property=\"og:image\" content=\"https:\/\/www.cosmed.fr\/app\/uploads\/2021\/06\/bluegpt-ai-generated-image.jpg\" \/>\n\t<meta property=\"og:image:width\" content=\"1024\" \/>\n\t<meta property=\"og:image:height\" content=\"1024\" \/>\n\t<meta property=\"og:image:type\" content=\"image\/jpeg\" \/>\n<meta name=\"twitter:card\" content=\"summary_large_image\" \/>\n<meta name=\"twitter:label1\" content=\"Est. reading time\" \/>\n\t<meta name=\"twitter:data1\" content=\"1 minute\" \/>\n<script type=\"application\/ld+json\" class=\"yoast-schema-graph\">{\"@context\":\"https:\/\/schema.org\",\"@graph\":[{\"@type\":\"WebPage\",\"@id\":\"https:\/\/www.cosmed.fr\/page_evenement\/rencontre-cosmetopole-provence-cote-dazur\/\",\"url\":\"https:\/\/www.cosmed.fr\/page_evenement\/rencontre-cosmetopole-provence-cote-dazur\/\",\"name\":\"Rencontre Cosmetop\u00f4le Provence-C\u00f4te d'Azur : Portefeuille Mati\u00e8res premi\u00e8res - les coproduits - Cosmed\",\"isPartOf\":{\"@id\":\"https:\/\/www.cosmed.fr\/en\/#website\"},\"primaryImageOfPage\":{\"@id\":\"https:\/\/www.cosmed.fr\/page_evenement\/rencontre-cosmetopole-provence-cote-dazur\/#primaryimage\"},\"image\":{\"@id\":\"https:\/\/www.cosmed.fr\/page_evenement\/rencontre-cosmetopole-provence-cote-dazur\/#primaryimage\"},\"thumbnailUrl\":\"https:\/\/www.cosmed.fr\/app\/uploads\/2021\/06\/bluegpt-ai-generated-image.jpg\",\"datePublished\":\"2026-02-04T11:01:52+00:00\",\"dateModified\":\"2026-04-24T09:33:43+00:00\",\"description\":\"Vous \u00eates une entreprise cosm\u00e9tique de la r\u00e9gion SUD, participez \u00e0 la Rencontre du Cosmetop\u00f4le Provence-C\u00f4te d'Azur le 21 mai 2026\",\"breadcrumb\":{\"@id\":\"https:\/\/www.cosmed.fr\/page_evenement\/rencontre-cosmetopole-provence-cote-dazur\/#breadcrumb\"},\"inLanguage\":\"en-US\",\"potentialAction\":[{\"@type\":\"ReadAction\",\"target\":[\"https:\/\/www.cosmed.fr\/page_evenement\/rencontre-cosmetopole-provence-cote-dazur\/\"]}]},{\"@type\":\"ImageObject\",\"inLanguage\":\"en-US\",\"@id\":\"https:\/\/www.cosmed.fr\/page_evenement\/rencontre-cosmetopole-provence-cote-dazur\/#primaryimage\",\"url\":\"https:\/\/www.cosmed.fr\/app\/uploads\/2021\/06\/bluegpt-ai-generated-image.jpg\",\"contentUrl\":\"https:\/\/www.cosmed.fr\/app\/uploads\/2021\/06\/bluegpt-ai-generated-image.jpg\",\"width\":1024,\"height\":1024},{\"@type\":\"BreadcrumbList\",\"@id\":\"https:\/\/www.cosmed.fr\/page_evenement\/rencontre-cosmetopole-provence-cote-dazur\/#breadcrumb\",\"itemListElement\":[{\"@type\":\"ListItem\",\"position\":1,\"name\":\"Home\",\"item\":\"https:\/\/www.cosmed.fr\/en\/\"},{\"@type\":\"ListItem\",\"position\":2,\"name\":\"Rencontre Cosmetop\u00f4le Provence-C\u00f4te d&rsquo;Azur : Portefeuille Mati\u00e8res premi\u00e8res &#8211; les coproduits\"}]},{\"@type\":\"WebSite\",\"@id\":\"https:\/\/www.cosmed.fr\/en\/#website\",\"url\":\"https:\/\/www.cosmed.fr\/en\/\",\"name\":\"Cosmed\",\"description\":\"\",\"potentialAction\":[{\"@type\":\"SearchAction\",\"target\":{\"@type\":\"EntryPoint\",\"urlTemplate\":\"https:\/\/www.cosmed.fr\/en\/?s={search_term_string}\"},\"query-input\":{\"@type\":\"PropertyValueSpecification\",\"valueRequired\":true,\"valueName\":\"search_term_string\"}}],\"inLanguage\":\"en-US\"}]}<\/script>\n<!-- \/ Yoast SEO plugin. -->","yoast_head_json":{"title":"Rencontre Cosmetop\u00f4le Provence-C\u00f4te d'Azur : Portefeuille Mati\u00e8res premi\u00e8res - les coproduits - Cosmed","description":"Vous \u00eates une entreprise cosm\u00e9tique de la r\u00e9gion SUD, participez \u00e0 la Rencontre du Cosmetop\u00f4le Provence-C\u00f4te d'Azur le 21 mai 2026","robots":{"index":"index","follow":"follow","max-snippet":"max-snippet:-1","max-image-preview":"max-image-preview:large","max-video-preview":"max-video-preview:-1"},"canonical":"https:\/\/www.cosmed.fr\/page_evenement\/rencontre-cosmetopole-provence-cote-dazur\/","og_locale":"en_US","og_type":"article","og_title":"Rencontre Cosmetop\u00f4le Provence-C\u00f4te d'Azur : Portefeuille Mati\u00e8res premi\u00e8res - les coproduits - Cosmed","og_description":"Vous \u00eates une entreprise cosm\u00e9tique de la r\u00e9gion SUD, participez \u00e0 la Rencontre du Cosmetop\u00f4le Provence-C\u00f4te d'Azur le 21 mai 2026","og_url":"https:\/\/www.cosmed.fr\/page_evenement\/rencontre-cosmetopole-provence-cote-dazur\/","og_site_name":"Cosmed","article_modified_time":"2026-04-24T09:33:43+00:00","og_image":[{"width":1024,"height":1024,"url":"https:\/\/www.cosmed.fr\/app\/uploads\/2021\/06\/bluegpt-ai-generated-image.jpg","type":"image\/jpeg"}],"twitter_card":"summary_large_image","twitter_misc":{"Est. reading time":"1 minute"},"schema":{"@context":"https:\/\/schema.org","@graph":[{"@type":"WebPage","@id":"https:\/\/www.cosmed.fr\/page_evenement\/rencontre-cosmetopole-provence-cote-dazur\/","url":"https:\/\/www.cosmed.fr\/page_evenement\/rencontre-cosmetopole-provence-cote-dazur\/","name":"Rencontre Cosmetop\u00f4le Provence-C\u00f4te d'Azur : Portefeuille Mati\u00e8res premi\u00e8res - les coproduits - Cosmed","isPartOf":{"@id":"https:\/\/www.cosmed.fr\/en\/#website"},"primaryImageOfPage":{"@id":"https:\/\/www.cosmed.fr\/page_evenement\/rencontre-cosmetopole-provence-cote-dazur\/#primaryimage"},"image":{"@id":"https:\/\/www.cosmed.fr\/page_evenement\/rencontre-cosmetopole-provence-cote-dazur\/#primaryimage"},"thumbnailUrl":"https:\/\/www.cosmed.fr\/app\/uploads\/2021\/06\/bluegpt-ai-generated-image.jpg","datePublished":"2026-02-04T11:01:52+00:00","dateModified":"2026-04-24T09:33:43+00:00","description":"Vous \u00eates une entreprise cosm\u00e9tique de la r\u00e9gion SUD, participez \u00e0 la Rencontre du Cosmetop\u00f4le Provence-C\u00f4te d'Azur le 21 mai 2026","breadcrumb":{"@id":"https:\/\/www.cosmed.fr\/page_evenement\/rencontre-cosmetopole-provence-cote-dazur\/#breadcrumb"},"inLanguage":"en-US","potentialAction":[{"@type":"ReadAction","target":["https:\/\/www.cosmed.fr\/page_evenement\/rencontre-cosmetopole-provence-cote-dazur\/"]}]},{"@type":"ImageObject","inLanguage":"en-US","@id":"https:\/\/www.cosmed.fr\/page_evenement\/rencontre-cosmetopole-provence-cote-dazur\/#primaryimage","url":"https:\/\/www.cosmed.fr\/app\/uploads\/2021\/06\/bluegpt-ai-generated-image.jpg","contentUrl":"https:\/\/www.cosmed.fr\/app\/uploads\/2021\/06\/bluegpt-ai-generated-image.jpg","width":1024,"height":1024},{"@type":"BreadcrumbList","@id":"https:\/\/www.cosmed.fr\/page_evenement\/rencontre-cosmetopole-provence-cote-dazur\/#breadcrumb","itemListElement":[{"@type":"ListItem","position":1,"name":"Home","item":"https:\/\/www.cosmed.fr\/en\/"},{"@type":"ListItem","position":2,"name":"Rencontre Cosmetop\u00f4le Provence-C\u00f4te d&rsquo;Azur : Portefeuille Mati\u00e8res premi\u00e8res &#8211; les coproduits"}]},{"@type":"WebSite","@id":"https:\/\/www.cosmed.fr\/en\/#website","url":"https:\/\/www.cosmed.fr\/en\/","name":"Cosmed","description":"","potentialAction":[{"@type":"SearchAction","target":{"@type":"EntryPoint","urlTemplate":"https:\/\/www.cosmed.fr\/en\/?s={search_term_string}"},"query-input":{"@type":"PropertyValueSpecification","valueRequired":true,"valueName":"search_term_string"}}],"inLanguage":"en-US"}]}},"_links":{"self":[{"href":"https:\/\/www.cosmed.fr\/en\/wp-json\/wp\/v2\/page_evenement\/17026","targetHints":{"allow":["GET"]}}],"collection":[{"href":"https:\/\/www.cosmed.fr\/en\/wp-json\/wp\/v2\/page_evenement"}],"about":[{"href":"https:\/\/www.cosmed.fr\/en\/wp-json\/wp\/v2\/types\/page_evenement"}],"wp:featuredmedia":[{"embeddable":true,"href":"https:\/\/www.cosmed.fr\/en\/wp-json\/wp\/v2\/media\/52095"}],"wp:attachment":[{"href":"https:\/\/www.cosmed.fr\/en\/wp-json\/wp\/v2\/media?parent=17026"}],"curies":[{"name":"wp","href":"https:\/\/api.w.org\/{rel}","templated":true}]}}