{"id":30127,"date":"2023-02-21T13:22:23","date_gmt":"2023-02-21T13:22:23","guid":{"rendered":"https:\/\/www.cosmed.fr\/export-with-cosmed\/"},"modified":"2026-04-21T13:16:04","modified_gmt":"2026-04-21T13:16:04","slug":"export-with-cosmed","status":"publish","type":"page","link":"http:\/\/www.cosmed.fr\/en\/export-with-cosmed\/","title":{"rendered":"Expand internationally with Cosmed"},"content":{"rendered":"\n<h2 class=\"wp-block-heading\">At each stage of your export development, you have a Cosmed solution <\/h2>\n\n<div class=\"wp-block-columns is-layout-flex wp-container-core-columns-is-layout-9d6595d7 wp-block-columns-is-layout-flex\">\n<div class=\"wp-block-column is-layout-flow wp-block-column-is-layout-flow\">\n<figure class=\"wp-block-image size-full\"><img loading=\"lazy\" decoding=\"async\" width=\"290\" height=\"192\" src=\"https:\/\/www.cosmed.fr\/app\/uploads\/2026\/04\/directory.jpg\" alt=\"\" class=\"wp-image-53305\"\/><\/figure>\n<\/div>\n\n\n\n<div class=\"wp-block-column is-layout-flow wp-block-column-is-layout-flow\">\n<figure class=\"wp-block-image size-full\"><img loading=\"lazy\" decoding=\"async\" width=\"290\" height=\"192\" src=\"https:\/\/www.cosmed.fr\/app\/uploads\/2023\/02\/conception.jpg\" alt=\"\" class=\"wp-image-30092\"\/><\/figure>\n<\/div>\n\n\n\n<div class=\"wp-block-column is-layout-flow wp-block-column-is-layout-flow\">\n<figure class=\"wp-block-image size-full\"><img loading=\"lazy\" decoding=\"async\" width=\"290\" height=\"192\" src=\"https:\/\/www.cosmed.fr\/app\/uploads\/2023\/02\/bf.jpg\" alt=\"\" class=\"wp-image-30101\"\/><\/figure>\n<\/div>\n\n\n\n<div class=\"wp-block-column is-layout-flow wp-block-column-is-layout-flow\">\n<figure class=\"wp-block-image size-full\"><img loading=\"lazy\" decoding=\"async\" width=\"290\" height=\"192\" src=\"https:\/\/www.cosmed.fr\/app\/uploads\/2023\/02\/salon.jpg\" alt=\"\" class=\"wp-image-30103\"\/><\/figure>\n<\/div>\n\n\n\n<div class=\"wp-block-column is-layout-flow wp-block-column-is-layout-flow\">\n<figure class=\"wp-block-image size-full\"><img loading=\"lazy\" decoding=\"async\" width=\"290\" height=\"192\" src=\"https:\/\/www.cosmed.fr\/app\/uploads\/2023\/02\/cvl-1.jpg\" alt=\"\" class=\"wp-image-30099\"\/><\/figure>\n<\/div>\n<\/div>\n\n<div class=\"wp-block-columns is-layout-flex wp-container-core-columns-is-layout-9d6595d7 wp-block-columns-is-layout-flex\">\n<div class=\"wp-block-column is-layout-flow wp-block-column-is-layout-flow\">\n<p><strong>1er annuaire mondial<\/strong> de l&#8217;industrie cosm\u00e9tique<\/p>\n\n\n\n<p><\/p>\n\n\n\n<p><\/p>\n<\/div>\n\n\n\n<div class=\"wp-block-column is-layout-flow wp-block-column-is-layout-flow\">\n<p><strong>Cosmetic regulatory monitoring<\/strong> 120 countries, <strong>webinars<\/strong> and regulatory <strong>training<\/strong><\/p>\n\n\n\n<p><\/p>\n<\/div>\n\n\n\n<div class=\"wp-block-column is-layout-flow wp-block-column-is-layout-flow\">\n<p><strong>Partenariat privil\u00e9gi\u00e9<\/strong> avec BusinessFrance<\/p>\n<\/div>\n\n\n\n<div class=\"wp-block-column is-layout-flow wp-block-column-is-layout-flow\">\n<p><strong>Support and promotion<\/strong> of SMEs at international trade fairs<\/p>\n<\/div>\n\n\n\n<div class=\"wp-block-column is-layout-flow wp-block-column-is-layout-flow\">\n<p>Issuance of <strong>FSCs<\/strong> in 60 countries (Free Sale Certificates )<\/p>\n\n\n\n<p><\/p>\n<\/div>\n<\/div>\n\n<div style=\"height:15px\" aria-hidden=\"true\" class=\"wp-block-spacer\"><\/div>\n\n<h2 class=\"wp-block-heading has-text-align-left\">New \u2013 The first global directory of the cosmetics industry<\/h2>\n\n<p>After a decade dedicated to publishing the directory of the cosmetics industry in France, Cosmed is taking a new step forward by launching the very first global directory dedicated to the sector.<\/p>\n\n<p><strong>Disponible en cinq langues<\/strong> \u2014 fran\u00e7ais, anglais, chinois, espagnol et arabe \u2014 cet outil de r\u00e9f\u00e9rence s\u2019adresse aux industriels, fournisseurs et partenaires \u00e0 l\u2019\u00e9chelle internationale, en qu\u00eate d\u2019acteurs fiables et innovants de la fili\u00e8re cosm\u00e9tique.<\/p>\n\n<p>This directory is available online, offering an optimised and interactive experience. It not only enables you to discover new partners, but also to identify strategic collaboration opportunities and access a database that is constantly updated and expanded to keep pace with market developments.<\/p>\n\n<p class=\"has-text-align-center\"><strong>Consultez l&#8217;annuaire : <a href=\"https:\/\/www.cosmed-cosmetics-directory.com\/home\">www.cosmed-cosmetics-directory.com<\/a><\/strong><\/p>\n<div class=\"wp-block-image\">\n<figure class=\"aligncenter size-large is-resized\"><a href=\"https:\/\/www.cosmed-cosmetics-directory.com\/home\"><img loading=\"lazy\" decoding=\"async\" width=\"1024\" height=\"841\" src=\"https:\/\/www.cosmed.fr\/app\/uploads\/2026\/04\/ecran-directory-1024x841.png\" alt=\"\" class=\"wp-image-53309\" style=\"aspect-ratio:1.217604507059001;width:277px;height:auto\" srcset=\"http:\/\/www.cosmed.fr\/app\/uploads\/2026\/04\/ecran-directory-1024x841.png 1024w, http:\/\/www.cosmed.fr\/app\/uploads\/2026\/04\/ecran-directory-300x247.png 300w, http:\/\/www.cosmed.fr\/app\/uploads\/2026\/04\/ecran-directory-768x631.png 768w, http:\/\/www.cosmed.fr\/app\/uploads\/2026\/04\/ecran-directory-600x493.png 600w, http:\/\/www.cosmed.fr\/app\/uploads\/2026\/04\/ecran-directory.png 1200w\" sizes=\"auto, (max-width: 1024px) 100vw, 1024px\" \/><\/a><\/figure>\n<\/div>\n<div style=\"height:64px\" aria-hidden=\"true\" class=\"wp-block-spacer\"><\/div>\n\n<h2 class=\"wp-block-heading has-text-align-left\">A cosmetic regulatory monitoring on 120 countries <\/h2>\n\n<p>Cosmed offers a cosmetic regulatory monitoring service that covers 120 countries. A unique consultation system allows you to:<\/p>\n\n<ul class=\"wp-block-list\">\n<li>To have access to a database available 24 hours a day, 7 days a week containing all the applicable texts, tables of substances, reports, summaries&#8230; (1500 updated sheets).<\/li>\n\n\n\n<li>Perform a targeted search by keyword, geographical area, type of product;<\/li>\n\n\n\n<li>Receive e-mail alerts on each regulatory change,<\/li>\n\n\n\n<li>Benefit from regulatory assistance to ask your questions to a specialized team,<\/li>\n<\/ul>\n\n<p>Each year, Cosmed&#8217;s regulatory teams organize regulatory webinars by country. In 2022, 3000 professionals attended Cosmed webinars in different countries: China, Ukraine, Middle East, USA, ASEAN, &#8230; In 2023, 15 new sessions will be organized on current regulatory issues in Europe and internationally.<\/p>\n\n<p>Cosmed Academy offers a wide range of training courses on cosmetic regulations. The objective of Cosmed&#8217;s training courses is to help you increase your skills and support you in the regulatory compliance of your cosmetic products. 40 training sessions are organized each year.<\/p>\n\n<div style=\"height:17px\" aria-hidden=\"true\" class=\"wp-block-spacer\"><\/div>\n\n<h3 class=\"wp-block-heading has-text-align-left\">Focus China &#8211; new CSAR regulation<\/h3>\n\n<div class=\"wp-block-columns is-layout-flex wp-container-core-columns-is-layout-9d6595d7 wp-block-columns-is-layout-flex\">\n<div class=\"wp-block-column is-layout-flow wp-block-column-is-layout-flow\" style=\"flex-basis:66.66%\">\n<p>The new Cosmetic Supervision and Administration Regulation (CSAR), which came into force on January 1, 2021, has considerably modified the regulatory requirements for the marketing of cosmetic ingredients and products. As China is the leading export country for French cosmetics, Cosmed is mobilized to provide concrete solutions to manufacturers: <\/p>\n\n\n\n<ul class=\"wp-block-list\">\n<li>Creation of a China WG to identify difficulties in the field (Berkem, Cartier, Expanscience, Havea, Laboratoires Dermatologiques d&#8217;Uriage, L\u00e9a Nature, P&amp;B Groupe, SVR).<\/li>\n\n\n\n<li>Drafting of a regulatory summary detailing the new obligations.<\/li>\n\n\n\n<li>Writing of a CHINA Memento to provide key information to understand the new ingredient declaration requirements in China.<\/li>\n<\/ul>\n<\/div>\n\n\n\n<div class=\"wp-block-column is-layout-flow wp-block-column-is-layout-flow\" style=\"flex-basis:33.33%\">\n<figure class=\"wp-block-image size-large\"><img loading=\"lazy\" decoding=\"async\" width=\"1024\" height=\"768\" src=\"https:\/\/www.cosmed.fr\/app\/uploads\/2023\/02\/saviez-vous-que-les-chinois-ont-5-saisons-1024x768.jpeg\" alt=\"\" class=\"wp-image-30066\" srcset=\"http:\/\/www.cosmed.fr\/app\/uploads\/2023\/02\/saviez-vous-que-les-chinois-ont-5-saisons-1024x768.jpeg 1024w, http:\/\/www.cosmed.fr\/app\/uploads\/2023\/02\/saviez-vous-que-les-chinois-ont-5-saisons-300x225.jpeg 300w, http:\/\/www.cosmed.fr\/app\/uploads\/2023\/02\/saviez-vous-que-les-chinois-ont-5-saisons-768x576.jpeg 768w, http:\/\/www.cosmed.fr\/app\/uploads\/2023\/02\/saviez-vous-que-les-chinois-ont-5-saisons-600x450.jpeg 600w, http:\/\/www.cosmed.fr\/app\/uploads\/2023\/02\/saviez-vous-que-les-chinois-ont-5-saisons.jpeg 1200w\" sizes=\"auto, (max-width: 1024px) 100vw, 1024px\" \/><\/figure>\n<\/div>\n<\/div>\n\n<div style=\"height:41px\" aria-hidden=\"true\" class=\"wp-block-spacer\"><\/div>\n\n<h2 class=\"wp-block-heading\">A privileged partnership with Business France<\/h2>\n\n<p><img loading=\"lazy\" decoding=\"async\" width=\"150\" height=\"93\" class=\"wp-image-29994\" style=\"width: 150px;\" src=\"https:\/\/www.cosmed.fr\/app\/uploads\/2023\/02\/business-france-logo.png\" alt=\"\" srcset=\"http:\/\/www.cosmed.fr\/app\/uploads\/2023\/02\/business-france-logo.png 284w, http:\/\/www.cosmed.fr\/app\/uploads\/2023\/02\/business-france-logo-135x85.png 135w\" sizes=\"auto, (max-width: 150px) 100vw, 150px\" \/>Since 2016 Cosmed has forged a privileged partnership with <a href=\"https:\/\/www.businessfrance.fr\/\">BusinessFrance<\/a>.<\/p>\n\n<p>This collaboration is particularly realized on the Cosmed-Business France International Meetings where BusinessFrance experts from different market areas intervene in order to present the advantages and opportunities for companies to export to these areas.2016 Cosmed has woven a special partnership with BusinessFrance.<\/p>\n\n<p>The 2023 edition of this regulatory congress is also an opportunity to establish new partnerships with professional associations in Europe in order to increase exchanges between European players in the cosmetics industry and to promote Cosmed&#8217;s regulatory expertise.<\/p>\n<div class=\"wp-block-image\">\n<figure class=\"alignright size-thumbnail is-resized\"><img loading=\"lazy\" decoding=\"async\" width=\"160\" height=\"160\" src=\"https:\/\/www.cosmed.fr\/app\/uploads\/2023\/02\/polo-cosmesi-160x160.jpg\" alt=\"\" class=\"wp-image-29724\" style=\"width:69px;height:69px\" srcset=\"http:\/\/www.cosmed.fr\/app\/uploads\/2023\/02\/polo-cosmesi-160x160.jpg 160w, http:\/\/www.cosmed.fr\/app\/uploads\/2023\/02\/polo-cosmesi-300x300.jpg 300w, http:\/\/www.cosmed.fr\/app\/uploads\/2023\/02\/polo-cosmesi-1024x1021.jpg 1024w, http:\/\/www.cosmed.fr\/app\/uploads\/2023\/02\/polo-cosmesi-768x766.jpg 768w, http:\/\/www.cosmed.fr\/app\/uploads\/2023\/02\/polo-cosmesi-600x599.jpg 600w, http:\/\/www.cosmed.fr\/app\/uploads\/2023\/02\/polo-cosmesi-100x100.jpg 100w, http:\/\/www.cosmed.fr\/app\/uploads\/2023\/02\/polo-cosmesi.jpg 1200w\" sizes=\"auto, (max-width: 160px) 100vw, 160px\" \/><\/figure>\n<\/div><div class=\"wp-block-image\">\n<figure class=\"alignright is-resized\"><img loading=\"lazy\" decoding=\"async\" width=\"1024\" height=\"532\" src=\"https:\/\/www.cosmed.fr\/app\/uploads\/2023\/01\/logo-ktsd-1024x532.jpg\" alt=\"\" class=\"wp-image-29659\" style=\"width:132px;height:68px\" srcset=\"http:\/\/www.cosmed.fr\/app\/uploads\/2023\/01\/logo-ktsd-1024x532.jpg 1024w, http:\/\/www.cosmed.fr\/app\/uploads\/2023\/01\/logo-ktsd-300x156.jpg 300w, http:\/\/www.cosmed.fr\/app\/uploads\/2023\/01\/logo-ktsd-768x399.jpg 768w, http:\/\/www.cosmed.fr\/app\/uploads\/2023\/01\/logo-ktsd-600x312.jpg 600w, http:\/\/www.cosmed.fr\/app\/uploads\/2023\/01\/logo-ktsd.jpg 1200w\" sizes=\"auto, (max-width: 1024px) 100vw, 1024px\" \/><\/figure>\n<\/div><div class=\"wp-block-image\">\n<figure class=\"alignright is-resized\"><img loading=\"lazy\" decoding=\"async\" width=\"712\" height=\"344\" src=\"https:\/\/www.cosmed.fr\/app\/uploads\/2023\/01\/logo-skw-copie.jpg\" alt=\"\" class=\"wp-image-29661\" style=\"width:131px;height:63px\" srcset=\"http:\/\/www.cosmed.fr\/app\/uploads\/2023\/01\/logo-skw-copie.jpg 712w, http:\/\/www.cosmed.fr\/app\/uploads\/2023\/01\/logo-skw-copie-300x145.jpg 300w, http:\/\/www.cosmed.fr\/app\/uploads\/2023\/01\/logo-skw-copie-600x290.jpg 600w\" sizes=\"auto, (max-width: 712px) 100vw, 712px\" \/><\/figure>\n<\/div>\n<p>The Turkish Association of Cosmetic and Cleaning Products Industries (KTSD) (36 members), the &#8220;Polo Tecnologico della Cosmesi&#8221; (80 members) in Italy, and the Swiss Association of Cosmetics and Detergents, SKW (103 members) are Cosmed&#8217;s partners on this day.<\/p>\n\n<div style=\"height:53px\" aria-hidden=\"true\" class=\"wp-block-spacer\"><\/div>\n\n<p><\/p>\n\n<p><\/p>\n\n<p><\/p>\n\n<p><\/p>\n\n<p><\/p>\n\n<p><\/p>\n\n<div style=\"height:44px\" aria-hidden=\"true\" class=\"wp-block-spacer\"><\/div>\n\n<h2 class=\"wp-block-heading\">Support for SMEs at international trade fairs<\/h2>\n\n<div class=\"wp-block-columns is-layout-flex wp-container-core-columns-is-layout-9d6595d7 wp-block-columns-is-layout-flex\">\n<div class=\"wp-block-column is-layout-flow wp-block-column-is-layout-flow\" style=\"flex-basis:66.66%\">\n<p>Cosmed is a privileged actor at Beautyworld Middle East.<\/p>\n\n\n\n<p>After a successful first edition, Cosmed&#8217;s FRENCH COSMETICS space is back in 2023 in the heart of Hall 6 &#8220;Cosmetics&amp;skincare&#8221;. This show is a reference for the beauty industry in the Near and Middle East, as evidenced by the performance of the last edition: 1430 exhibitors from 66 different countries, 27 international pavilions and 52,760 visitors from 139 countries.<\/p>\n\n\n\n<p>This space will allow exhibiting companies to present their brand and\/or their know-how and to establish new collaborations with the actors of the cosmetic market in the Middle East, Turkey, Egypt, Israel, Africa, India or Iran. <\/p>\n<\/div>\n\n\n\n<div class=\"wp-block-column is-layout-flow wp-block-column-is-layout-flow\" style=\"flex-basis:33.33%\">\n<figure class=\"wp-block-image size-large\"><img loading=\"lazy\" decoding=\"async\" width=\"1024\" height=\"576\" src=\"https:\/\/www.cosmed.fr\/app\/uploads\/2021\/08\/bwme2023-kv-2560x1440-1-1024x576.jpg\" alt=\"\" class=\"wp-image-30024\" srcset=\"http:\/\/www.cosmed.fr\/app\/uploads\/2021\/08\/bwme2023-kv-2560x1440-1-1024x576.jpg 1024w, http:\/\/www.cosmed.fr\/app\/uploads\/2021\/08\/bwme2023-kv-2560x1440-1-300x169.jpg 300w, http:\/\/www.cosmed.fr\/app\/uploads\/2021\/08\/bwme2023-kv-2560x1440-1-768x432.jpg 768w, http:\/\/www.cosmed.fr\/app\/uploads\/2021\/08\/bwme2023-kv-2560x1440-1-600x338.jpg 600w, http:\/\/www.cosmed.fr\/app\/uploads\/2021\/08\/bwme2023-kv-2560x1440-1.jpg 1200w\" sizes=\"auto, (max-width: 1024px) 100vw, 1024px\" \/><\/figure>\n<\/div>\n<\/div>\n\n<p>For this purpose, exclusive advantages will be offered:<\/p>\n\n<ul class=\"wp-block-list\">\n<li>The possibility of exhibiting on a fully equipped stand of 9 m2, 12 m2, 18 m2 or more<\/li>\n\n\n\n<li>Take charge of the outbound transport logistics of your exhibition products<\/li>\n\n\n\n<li>Preparation for the show through targeted regulatory webinars <\/li>\n<\/ul>\n\n<div class=\"wp-block-columns is-layout-flex wp-container-core-columns-is-layout-9d6595d7 wp-block-columns-is-layout-flex\">\n<div class=\"wp-block-column is-layout-flow wp-block-column-is-layout-flow\">\n<figure class=\"wp-block-image size-large\"><img loading=\"lazy\" decoding=\"async\" width=\"1024\" height=\"768\" src=\"https:\/\/www.cosmed.fr\/app\/uploads\/2021\/08\/img_0814-1024x768.jpg\" alt=\"\" class=\"wp-image-30020\" srcset=\"http:\/\/www.cosmed.fr\/app\/uploads\/2021\/08\/img_0814-1024x768.jpg 1024w, http:\/\/www.cosmed.fr\/app\/uploads\/2021\/08\/img_0814-300x225.jpg 300w, http:\/\/www.cosmed.fr\/app\/uploads\/2021\/08\/img_0814-768x576.jpg 768w, http:\/\/www.cosmed.fr\/app\/uploads\/2021\/08\/img_0814-600x450.jpg 600w, http:\/\/www.cosmed.fr\/app\/uploads\/2021\/08\/img_0814.jpg 1200w\" sizes=\"auto, (max-width: 1024px) 100vw, 1024px\" \/><\/figure>\n<\/div>\n\n\n\n<div class=\"wp-block-column is-layout-flow wp-block-column-is-layout-flow\">\n<figure class=\"wp-block-image size-large\"><img loading=\"lazy\" decoding=\"async\" width=\"1024\" height=\"768\" src=\"https:\/\/www.cosmed.fr\/app\/uploads\/2021\/08\/img_0780-1024x768.jpg\" alt=\"\" class=\"wp-image-30022\" srcset=\"http:\/\/www.cosmed.fr\/app\/uploads\/2021\/08\/img_0780-1024x768.jpg 1024w, http:\/\/www.cosmed.fr\/app\/uploads\/2021\/08\/img_0780-300x225.jpg 300w, http:\/\/www.cosmed.fr\/app\/uploads\/2021\/08\/img_0780-768x576.jpg 768w, http:\/\/www.cosmed.fr\/app\/uploads\/2021\/08\/img_0780-600x450.jpg 600w, http:\/\/www.cosmed.fr\/app\/uploads\/2021\/08\/img_0780.jpg 1200w\" sizes=\"auto, (max-width: 1024px) 100vw, 1024px\" \/><\/figure>\n<\/div>\n\n\n\n<div class=\"wp-block-column is-layout-flow wp-block-column-is-layout-flow\">\n<figure class=\"wp-block-image size-large\"><img loading=\"lazy\" decoding=\"async\" width=\"1024\" height=\"768\" src=\"https:\/\/www.cosmed.fr\/app\/uploads\/2023\/02\/img_0767-1024x768.jpg\" alt=\"\" class=\"wp-image-30050\" srcset=\"http:\/\/www.cosmed.fr\/app\/uploads\/2023\/02\/img_0767-1024x768.jpg 1024w, http:\/\/www.cosmed.fr\/app\/uploads\/2023\/02\/img_0767-300x225.jpg 300w, http:\/\/www.cosmed.fr\/app\/uploads\/2023\/02\/img_0767-768x576.jpg 768w, http:\/\/www.cosmed.fr\/app\/uploads\/2023\/02\/img_0767-600x450.jpg 600w, http:\/\/www.cosmed.fr\/app\/uploads\/2023\/02\/img_0767.jpg 1200w\" sizes=\"auto, (max-width: 1024px) 100vw, 1024px\" \/><\/figure>\n<\/div>\n<\/div>\n\n<p><\/p>\n\n<p>Cosmed poursuit son accompagnement des PME en \u00e9tant exposant sur les salons <strong><a href=\"https:\/\/www.in-cosmetics.com\/global\/en-gb.html\">In-cosmetics<\/a><\/strong>, le <strong><a href=\"https:\/\/www.intercharmkorea.com\/en-us.html\">Intercharm Korea<\/a><\/strong> \u00e0 S\u00e9oul en juillet 2025 et le <strong><a href=\"https:\/\/www.cosmoprof-asia.com\/\">Cosmoprof Asia<\/a><\/strong> en novembre 2025 \u00e0 Hong Kong.<\/p>\n\n<div style=\"height:100px\" aria-hidden=\"true\" class=\"wp-block-spacer\"><\/div>\n\n<p><mark style=\"background-color:rgba(0, 0, 0, 0)\" class=\"has-inline-color has-vivid-red-color\"><strong>SALON BEAUTY ISTANBUL, COSMED PORTE LE PAVILLON FRANCE<\/strong><\/mark><\/p>\n\n<p>Pour la 3\u00e8me ann\u00e9e cons\u00e9cutive, COSMED en partenariat avec BUSINESS France, porte le pavillon France sur le salon professionnel international BEAUTY ISTANBUL.<\/p>\n\n<div class=\"wp-block-columns is-layout-flex wp-container-core-columns-is-layout-9d6595d7 wp-block-columns-is-layout-flex\">\n<div class=\"wp-block-column is-layout-flow wp-block-column-is-layout-flow\">\n<ul class=\"wp-block-list\">\n<li>Des <strong>stands personnalis\u00e9s et \u00e9quip\u00e9s<\/strong><\/li>\n\n\n\n<li>Une pr\u00e9paration au salon au travers de <strong>webinaires march\u00e9s &amp; r\u00e9glementaires<\/strong> cibl\u00e9s par pays<\/li>\n\n\n\n<li><strong>La prise en charge de la logistique transport aller<\/strong> de vos produits d&#8217;exposition (offre r\u00e9serv\u00e9e aux adh\u00e9rents COSMED &#8211; dans la limite de 1 palette \/ entreprise)<\/li>\n\n\n\n<li>Une pr\u00e9paration au salon au travers de <strong>webinaires march\u00e9s &amp; r\u00e9glementaires<\/strong> cibl\u00e9s par pays<\/li>\n\n\n\n<li>Un <strong>accompagnement pendant le salon<\/strong>\u00a0: traducteur, h\u00f4tesse, espace de networking, \u2026<\/li>\n<\/ul>\n<\/div>\n\n\n\n<div class=\"wp-block-column is-layout-flow wp-block-column-is-layout-flow\">\n<figure class=\"wp-block-image size-full\"><img loading=\"lazy\" decoding=\"async\" width=\"800\" height=\"450\" src=\"https:\/\/www.cosmed.fr\/app\/uploads\/2025\/06\/istanbul.jpg\" alt=\"\" class=\"wp-image-46825\" srcset=\"http:\/\/www.cosmed.fr\/app\/uploads\/2025\/06\/istanbul.jpg 800w, http:\/\/www.cosmed.fr\/app\/uploads\/2025\/06\/istanbul-300x169.jpg 300w, http:\/\/www.cosmed.fr\/app\/uploads\/2025\/06\/istanbul-768x432.jpg 768w, http:\/\/www.cosmed.fr\/app\/uploads\/2025\/06\/istanbul-600x338.jpg 600w\" sizes=\"auto, (max-width: 800px) 100vw, 800px\" \/><\/figure>\n<\/div>\n<\/div>\n\n<div style=\"height:29px\" aria-hidden=\"true\" class=\"wp-block-spacer\"><\/div>\n\n<h2 class=\"wp-block-heading\">Issuance of Free Sale Certificates for cosmetic products<\/h2>\n\n<p>The Free Sale Certificate (FSC) is a document required by the authorities of about sixty countries as a condition for the import of finished cosmetic products into their market. It certifies that the mentioned cosmetic products comply with the European regulation 1223\/2009 and, therefore, can be marketed in France and in the European Union.<\/p>\n\n<p>Cosmed delivers FSCs online: <a href=\"https:\/\/www.cosmedcvl.fr\/\">www.cosmedcvl.fr<\/a><\/p>\n\n<div style=\"height:57px\" aria-hidden=\"true\" class=\"wp-block-spacer\"><\/div>\n","protected":false},"excerpt":{"rendered":"<p>At each stage of your export development, you have a Cosmed solution 1er annuaire mondial de l&#8217;industrie cosm\u00e9tique Cosmetic regulatory monitoring 120 countries, webinars and regulatory training Partenariat privil\u00e9gi\u00e9 avec BusinessFrance Support and promotion of SMEs at international trade fairs Issuance of FSCs in 60 countries (Free Sale Certificates ) New \u2013 The first global [&hellip;]<\/p>\n","protected":false},"author":30881,"featured_media":8479,"parent":0,"menu_order":0,"comment_status":"closed","ping_status":"closed","template":"","meta":{"_acf_changed":false,"footnotes":""},"class_list":["post-30127","page","type-page","status-publish","has-post-thumbnail","hentry"],"acf":[],"yoast_head":"<!-- This site is optimized with the Yoast SEO plugin v27.1.1 - https:\/\/yoast.com\/product\/yoast-seo-wordpress\/ -->\n<title>Expand internationally with Cosmed - Cosmed entreprise cosm\u00e9tique<\/title>\n<meta name=\"description\" content=\"Cosmed supports the development of cosmetic companies in their exports by proposing several measures adapted to VSEs, SMEs and ETIs.\" \/>\n<meta name=\"robots\" content=\"index, follow, max-snippet:-1, max-image-preview:large, max-video-preview:-1\" \/>\n<link rel=\"canonical\" href=\"http:\/\/www.cosmed.fr\/en\/export-with-cosmed\/\" \/>\n<meta property=\"og:locale\" content=\"en_US\" \/>\n<meta property=\"og:type\" content=\"article\" \/>\n<meta property=\"og:title\" content=\"Expand internationally with Cosmed - Cosmed entreprise cosm\u00e9tique\" \/>\n<meta property=\"og:description\" content=\"Cosmed supports the development of cosmetic companies in their exports by proposing several measures adapted to VSEs, SMEs and ETIs.\" \/>\n<meta property=\"og:url\" content=\"http:\/\/www.cosmed.fr\/en\/export-with-cosmed\/\" \/>\n<meta property=\"og:site_name\" content=\"Cosmed\" \/>\n<meta property=\"article:modified_time\" content=\"2026-04-21T13:16:04+00:00\" \/>\n<meta property=\"og:image\" content=\"http:\/\/www.cosmed.fr\/app\/uploads\/2020\/12\/export-3.jpg\" \/>\n\t<meta property=\"og:image:width\" content=\"810\" \/>\n\t<meta property=\"og:image:height\" content=\"220\" \/>\n\t<meta property=\"og:image:type\" content=\"image\/jpeg\" \/>\n<meta name=\"twitter:card\" content=\"summary_large_image\" \/>\n<meta name=\"twitter:label1\" content=\"Est. reading time\" \/>\n\t<meta name=\"twitter:data1\" content=\"9 minutes\" \/>\n<script type=\"application\/ld+json\" class=\"yoast-schema-graph\">{\"@context\":\"https:\/\/schema.org\",\"@graph\":[{\"@type\":\"WebPage\",\"@id\":\"http:\/\/www.cosmed.fr\/en\/export-with-cosmed\/\",\"url\":\"http:\/\/www.cosmed.fr\/en\/export-with-cosmed\/\",\"name\":\"Expand internationally with Cosmed - Cosmed entreprise cosm\u00e9tique\",\"isPartOf\":{\"@id\":\"http:\/\/www.cosmed.fr\/en\/#website\"},\"primaryImageOfPage\":{\"@id\":\"http:\/\/www.cosmed.fr\/en\/export-with-cosmed\/#primaryimage\"},\"image\":{\"@id\":\"http:\/\/www.cosmed.fr\/en\/export-with-cosmed\/#primaryimage\"},\"thumbnailUrl\":\"http:\/\/www.cosmed.fr\/app\/uploads\/2020\/12\/export-3.jpg\",\"datePublished\":\"2023-02-21T13:22:23+00:00\",\"dateModified\":\"2026-04-21T13:16:04+00:00\",\"description\":\"Cosmed supports the development of cosmetic companies in their exports by proposing several measures adapted to VSEs, SMEs and ETIs.\",\"breadcrumb\":{\"@id\":\"http:\/\/www.cosmed.fr\/en\/export-with-cosmed\/#breadcrumb\"},\"inLanguage\":\"en-US\",\"potentialAction\":[{\"@type\":\"ReadAction\",\"target\":[\"http:\/\/www.cosmed.fr\/en\/export-with-cosmed\/\"]}]},{\"@type\":\"ImageObject\",\"inLanguage\":\"en-US\",\"@id\":\"http:\/\/www.cosmed.fr\/en\/export-with-cosmed\/#primaryimage\",\"url\":\"http:\/\/www.cosmed.fr\/app\/uploads\/2020\/12\/export-3.jpg\",\"contentUrl\":\"http:\/\/www.cosmed.fr\/app\/uploads\/2020\/12\/export-3.jpg\",\"width\":810,\"height\":220,\"caption\":\"FSC\"},{\"@type\":\"BreadcrumbList\",\"@id\":\"http:\/\/www.cosmed.fr\/en\/export-with-cosmed\/#breadcrumb\",\"itemListElement\":[{\"@type\":\"ListItem\",\"position\":1,\"name\":\"Home\",\"item\":\"http:\/\/www.cosmed.fr\/en\/\"},{\"@type\":\"ListItem\",\"position\":2,\"name\":\"Expand internationally with Cosmed\"}]},{\"@type\":\"WebSite\",\"@id\":\"http:\/\/www.cosmed.fr\/en\/#website\",\"url\":\"http:\/\/www.cosmed.fr\/en\/\",\"name\":\"Cosmed\",\"description\":\"\",\"potentialAction\":[{\"@type\":\"SearchAction\",\"target\":{\"@type\":\"EntryPoint\",\"urlTemplate\":\"http:\/\/www.cosmed.fr\/en\/?s={search_term_string}\"},\"query-input\":{\"@type\":\"PropertyValueSpecification\",\"valueRequired\":true,\"valueName\":\"search_term_string\"}}],\"inLanguage\":\"en-US\"}]}<\/script>\n<!-- \/ Yoast SEO plugin. -->","yoast_head_json":{"title":"Expand internationally with Cosmed - Cosmed entreprise cosm\u00e9tique","description":"Cosmed supports the development of cosmetic companies in their exports by proposing several measures adapted to VSEs, SMEs and ETIs.","robots":{"index":"index","follow":"follow","max-snippet":"max-snippet:-1","max-image-preview":"max-image-preview:large","max-video-preview":"max-video-preview:-1"},"canonical":"http:\/\/www.cosmed.fr\/en\/export-with-cosmed\/","og_locale":"en_US","og_type":"article","og_title":"Expand internationally with Cosmed - Cosmed entreprise cosm\u00e9tique","og_description":"Cosmed supports the development of cosmetic companies in their exports by proposing several measures adapted to VSEs, SMEs and ETIs.","og_url":"http:\/\/www.cosmed.fr\/en\/export-with-cosmed\/","og_site_name":"Cosmed","article_modified_time":"2026-04-21T13:16:04+00:00","og_image":[{"width":810,"height":220,"url":"http:\/\/www.cosmed.fr\/app\/uploads\/2020\/12\/export-3.jpg","type":"image\/jpeg"}],"twitter_card":"summary_large_image","twitter_misc":{"Est. reading time":"9 minutes"},"schema":{"@context":"https:\/\/schema.org","@graph":[{"@type":"WebPage","@id":"http:\/\/www.cosmed.fr\/en\/export-with-cosmed\/","url":"http:\/\/www.cosmed.fr\/en\/export-with-cosmed\/","name":"Expand internationally with Cosmed - Cosmed entreprise cosm\u00e9tique","isPartOf":{"@id":"http:\/\/www.cosmed.fr\/en\/#website"},"primaryImageOfPage":{"@id":"http:\/\/www.cosmed.fr\/en\/export-with-cosmed\/#primaryimage"},"image":{"@id":"http:\/\/www.cosmed.fr\/en\/export-with-cosmed\/#primaryimage"},"thumbnailUrl":"http:\/\/www.cosmed.fr\/app\/uploads\/2020\/12\/export-3.jpg","datePublished":"2023-02-21T13:22:23+00:00","dateModified":"2026-04-21T13:16:04+00:00","description":"Cosmed supports the development of cosmetic companies in their exports by proposing several measures adapted to VSEs, SMEs and ETIs.","breadcrumb":{"@id":"http:\/\/www.cosmed.fr\/en\/export-with-cosmed\/#breadcrumb"},"inLanguage":"en-US","potentialAction":[{"@type":"ReadAction","target":["http:\/\/www.cosmed.fr\/en\/export-with-cosmed\/"]}]},{"@type":"ImageObject","inLanguage":"en-US","@id":"http:\/\/www.cosmed.fr\/en\/export-with-cosmed\/#primaryimage","url":"http:\/\/www.cosmed.fr\/app\/uploads\/2020\/12\/export-3.jpg","contentUrl":"http:\/\/www.cosmed.fr\/app\/uploads\/2020\/12\/export-3.jpg","width":810,"height":220,"caption":"FSC"},{"@type":"BreadcrumbList","@id":"http:\/\/www.cosmed.fr\/en\/export-with-cosmed\/#breadcrumb","itemListElement":[{"@type":"ListItem","position":1,"name":"Home","item":"http:\/\/www.cosmed.fr\/en\/"},{"@type":"ListItem","position":2,"name":"Expand internationally with Cosmed"}]},{"@type":"WebSite","@id":"http:\/\/www.cosmed.fr\/en\/#website","url":"http:\/\/www.cosmed.fr\/en\/","name":"Cosmed","description":"","potentialAction":[{"@type":"SearchAction","target":{"@type":"EntryPoint","urlTemplate":"http:\/\/www.cosmed.fr\/en\/?s={search_term_string}"},"query-input":{"@type":"PropertyValueSpecification","valueRequired":true,"valueName":"search_term_string"}}],"inLanguage":"en-US"}]}},"_links":{"self":[{"href":"http:\/\/www.cosmed.fr\/en\/wp-json\/wp\/v2\/pages\/30127","targetHints":{"allow":["GET"]}}],"collection":[{"href":"http:\/\/www.cosmed.fr\/en\/wp-json\/wp\/v2\/pages"}],"about":[{"href":"http:\/\/www.cosmed.fr\/en\/wp-json\/wp\/v2\/types\/page"}],"author":[{"embeddable":true,"href":"http:\/\/www.cosmed.fr\/en\/wp-json\/wp\/v2\/users\/30881"}],"replies":[{"embeddable":true,"href":"http:\/\/www.cosmed.fr\/en\/wp-json\/wp\/v2\/comments?post=30127"}],"version-history":[{"count":5,"href":"http:\/\/www.cosmed.fr\/en\/wp-json\/wp\/v2\/pages\/30127\/revisions"}],"predecessor-version":[{"id":53325,"href":"http:\/\/www.cosmed.fr\/en\/wp-json\/wp\/v2\/pages\/30127\/revisions\/53325"}],"wp:featuredmedia":[{"embeddable":true,"href":"http:\/\/www.cosmed.fr\/en\/wp-json\/wp\/v2\/media\/8479"}],"wp:attachment":[{"href":"http:\/\/www.cosmed.fr\/en\/wp-json\/wp\/v2\/media?parent=30127"}],"curies":[{"name":"wp","href":"https:\/\/api.w.org\/{rel}","templated":true}]}}